{"id":447,"date":"2021-02-22T07:41:24","date_gmt":"2021-02-22T06:41:24","guid":{"rendered":"http:\/\/olovo.gov.ba\/?page_id=447"},"modified":"2021-02-22T07:41:27","modified_gmt":"2021-02-22T06:41:27","slug":"opcinske-komisije","status":"publish","type":"page","link":"https:\/\/olovo.gov.ba?page_id=447","title":{"rendered":"Op\u0107inske komisije"},"content":{"rendered":"<p><strong>Redovne komisije Op\u0107inskog vije\u0107a<\/strong><\/p>\n<table style=\"height: 6269px;\" width=\"714\">\n<tbody>\n<tr>\n<td width=\"53\">Red.<\/p>\n<p>broj<\/td>\n<td width=\"228\">NAZIV KOMISIJE<\/td>\n<td width=\"141\">BROJ<\/p>\n<p>\u010cLANOVA<\/td>\n<td width=\"360\">\u010cLANOVI KOMISIJE<\/p>\n<p>(Ime i prezime)<\/td>\n<td width=\"138\">NAPOMENA<\/td>\n<\/tr>\n<tr>\n<td width=\"53\">\n<p>1.<\/td>\n<td width=\"228\">\n<p>Komisija za Statut i propise<\/td>\n<td width=\"141\">\n<p>5<\/p>\n<p>Predsj.Zamjenik<\/p>\n<p>predsj. i 3 \u010dlana<\/td>\n<td width=\"360\">1. D\u017eenan Smaji\u0107 &#8211; predsjednik,<\/p>\n<p>2. Adem Karamovi\u0107 &#8211; zamjenik predsjednika,<\/p>\n<p>3. Jasmin Abazovi\u0107 &#8211; \u010dlan,<\/p>\n<p>4. Mujo Ahmetspahi\u0107 &#8211; \u010dlan,<\/p>\n<p>5. Idris Smailhod\u017ei\u0107 &#8211; \u010dlan.<\/td>\n<td width=\"138\">\n<p>Jednoglasno usvojeno od strane Komisije<\/td>\n<\/tr>\n<tr>\n<td width=\"53\">\n<p>2.<\/td>\n<td width=\"228\">\n<p>Komisija za izbor i imenovanja<\/td>\n<td width=\"141\">\n<p>3<\/p>\n<p>Predsj.Zamjenik<\/p>\n<p>predsj. i 1 \u010dlan<\/td>\n<td width=\"360\">\n<p>1. Aida Had\u017eiabdi\u0107 &#8211; predsjednica,<\/p>\n<p>2. Mujo Ahmetspahi\u0107 &#8211; zamjenik predsjednice,<\/p>\n<p>3. Adem Karamovi\u0107 &#8211; \u010dlan.<\/td>\n<td width=\"138\">\n<p>Komisija imenovana<\/p>\n<p>dana, 12.01.2021.<\/td>\n<\/tr>\n<tr>\n<td width=\"53\">\n<p>3.<\/td>\n<td width=\"228\">\n<p>Komisija za za\u0161titu ljudskih prava, predstavke, pritu\u017ebe i nadzor<\/td>\n<td width=\"141\">\n<p>5<\/p>\n<p>Predsj.Zamjenik<\/p>\n<p>predsj. i 3 \u010dlana<\/td>\n<td width=\"360\">1. Almira Mujanovi\u0107 &#8211; predsjednica,<\/p>\n<p>2. Azra Mehanovi\u0107 &#8211; zamjenica predsjednice,<\/p>\n<p>3. Duda Lagumd\u017ei\u0107 &#8211; \u010dlan,<\/p>\n<p>4. Sabiha Karagi\u0107 &#8211; \u010dlan,<\/p>\n<p>5. Azra Softi\u0107 &#8211; \u010dlan.<\/td>\n<td width=\"138\">\n<p>Jednoglasno usvojeno od strane Komisije<\/td>\n<\/tr>\n<tr>\n<td width=\"53\">\n<p>4.<\/td>\n<td width=\"228\">Komisija za pitanja mladih i ravnopravnost spolova, sport, kulturu i nevladin sektor<\/td>\n<td width=\"141\">5<\/p>\n<p>Predsj.Zamjenik<\/p>\n<p>predsj. i 3 \u010dlana<\/td>\n<td width=\"360\">1. Mahir Hasanspahi\u0107 &#8211; predsjednik,<\/p>\n<p>2. \u0160ejla Ivojevi\u0107 &#8211; zamjenica predsjednika,<\/p>\n<p>3. Seada Kamenja\u0161evi\u0107 &#8211; \u010dlan,<\/p>\n<p>4. Aida Krivali\u0107 &#8211; \u010dlan,<\/p>\n<p>5. Abdulaziz Numanovi\u0107 &#8211; \u010dlan.<\/td>\n<td width=\"138\">\n<p>Jednoglasno usvojeno od strane Komisije<\/td>\n<\/tr>\n<tr>\n<td width=\"53\">\n<p>5.<\/td>\n<td width=\"228\">\n<p>Komisija za statusna pitanja boraca i njihovih porodica, logora\u0161a i civilnih \u017ertava rata<\/td>\n<td width=\"141\">\n<p>5<\/p>\n<p>Predsj.Zamjenik<\/p>\n<p>predsj. i 3 \u010dlana<\/td>\n<td width=\"360\">1. Mirsad Kamenja\u0161evi\u0107 &#8211; predsjednik,<\/p>\n<p>2. Taib Traki\u0107 &#8211; zamjenik predsjednika,<\/p>\n<p>3. Dervi\u0161 Be\u0161lija &#8211; \u010dlan,<\/p>\n<p>4. Rasim Had\u017eiabdi\u0107 &#8211; \u010dlan,<\/p>\n<p>5. Muamer Durakovi\u0107 &#8211; \u010dlan.<\/td>\n<td width=\"138\">\n<p>Jednoglasno usvojeno od strane Komisije<\/td>\n<\/tr>\n<tr>\n<td width=\"53\">\n<p>6.<\/td>\n<td width=\"228\">\n<p>Komisija za bud\u017eet i finansije<\/td>\n<td width=\"141\">\n<p>5<\/p>\n<p>Predsj.Zamjenik<\/p>\n<p>predsj. i 3 \u010dlana<\/td>\n<td width=\"360\">1. Nihad Softi\u0107 &#8211; predsjednik,<\/p>\n<p>2. Emir Merdan &#8211; zamjenik predsjednika,<\/p>\n<p>3. Nihada Vi\u0161\u0107a &#8211; \u010dlan,<\/p>\n<p>4. Elma Mehmedagi\u0107-Degirmend\u017ei\u0107 &#8211; \u010dlan,<\/p>\n<p>5. Naim Kadri\u0107 &#8211; \u010dlan.<\/td>\n<td width=\"138\">\n<p>Jednoglasno usvojeno od strane Komisije<\/td>\n<\/tr>\n<tr>\n<td width=\"53\">\n<p>7.<\/td>\n<td width=\"228\">Komisija za odnose sa mjesnim zajednicama, za\u0161titu \u010dovjekove okoline, spomen obilje\u017eja, javna priznanja i odnose za vjerskim zajednicama<\/td>\n<td width=\"141\">5<\/p>\n<p>Predsj.Zamjenik<\/p>\n<p>predsj. i 3 \u010dlana<\/td>\n<td width=\"360\">1. Adem Dedi\u0107 &#8211; predsjednik,<\/p>\n<p>2. Suada Husuki\u0107 &#8211; zamjenica predsjednika,<\/p>\n<p>3. Eldin Kamenja\u0161evi\u0107 &#8211; \u010dlan,<\/p>\n<p>4. Ferid \u017dili\u0107 &#8211; \u010dlan,<\/p>\n<p>5. Nijaz Kop\u0107 &#8211; \u010dlan.<\/td>\n<td width=\"138\">\n<p>Jednoglasno usvojeno od strane Komisije<\/td>\n<\/tr>\n<tr>\n<td width=\"53\">\n<p>8.<\/td>\n<td width=\"228\">\n<p>Komisija za poslove iz stambene oblasti<\/td>\n<td width=\"141\">5<\/p>\n<p>Predsj.Zamjenik<\/p>\n<p>predsj. i 3 \u010dlana<\/td>\n<td width=\"360\">1. Samir Zuki\u0107 &#8211; predsjednik<\/p>\n<p>2. Alma Kukolj &#8211; zamjenik predsjednice,<\/p>\n<p>3. Elmir Behlulovi\u0107 &#8211; \u010dlan,<\/p>\n<p>4. Ali Agbar Ma\u0161i\u0107 &#8211; \u010dlan,<\/p>\n<p>5. Emir Behlulovi\u0107 &#8211; \u010dlan.<\/td>\n<td width=\"138\">\n<p>Jednoglasno usvojeno od strane Komisije<\/td>\n<\/tr>\n<tr>\n<td width=\"53\">\n<p>9.<\/td>\n<td width=\"228\">\n<p>Drugostepena stru\u010dna komisija<\/td>\n<td width=\"141\">5<\/p>\n<p>Predsj.Zamjenik<\/p>\n<p>predsj. i 3 \u010dlana<\/td>\n<td width=\"360\">1. Almedina Kehi\u0107 &#8211; predsjednica,<\/p>\n<p>2. E\u0161ef Jusuba\u0161i\u0107 &#8211; zamjenik predsjednice,<\/p>\n<p>3. Naida Softi\u0107 &#8211; \u010dlan,<\/p>\n<p>4. Amir Muminovi\u0107 &#8211; \u010dlan,<\/p>\n<p>5. Hanka Roti\u0107 &#8211; \u010dlan.<\/td>\n<td width=\"138\">\n<p>Jednoglasno usvojeno od strane Komisije<\/td>\n<\/tr>\n<tr>\n<td width=\"53\">\n<p>10.<\/td>\n<td width=\"228\">\n<p>Eti\u010dka komisija<\/td>\n<td width=\"141\">\n<p>5<\/p>\n<p>Predsj.Zamjenik<\/p>\n<p>predsj. i 3 \u010dlana<\/td>\n<td width=\"360\">1. Emir \u0160ari\u0107 &#8211; predsjednik,<\/p>\n<p>2. Mirsada Ibrahimovi\u0107 &#8211; zamjenica predsjednika,<\/p>\n<p>3. Lejla Klis &#8211; \u010dlan,<\/p>\n<p>4. Amina Muminovi\u0107 &#8211; \u010dlan,<\/p>\n<p>5. Muamer Karamuratovi\u0107 &#8211; \u010dlan.<\/td>\n<td width=\"138\">\n<p>Jednoglasno usvojeno od strane Komisije<\/td>\n<\/tr>\n<tr>\n<td width=\"53\">\n<p>11.<\/td>\n<td width=\"228\">\n<p>Komisija za strate\u0161ko planiranje i razvoj Op\u0107ine<\/td>\n<td width=\"141\">\n<p>9<\/p>\n<p>Predsj.Zamjenik<\/p>\n<p>predsj. i 7 \u010dlanova<\/td>\n<td width=\"360\">1. Mirad Hod\u017ei\u0107 &#8211; predsjednik,<\/p>\n<p>2. Senad Selimovi\u0107 &#8211; zamjenik predsjednika,<\/p>\n<p>3. Refik Helja &#8211; \u010dlan,<\/p>\n<p>4. Enez Kopi\u0107 &#8211; \u010dlan,<\/p>\n<p>5. Muamer Durakovi\u0107 &#8211; \u010dlan,<\/p>\n<p>6. Amira Miluni\u0107 &#8211; \u010dlan,<\/p>\n<p>7. Selvedin Kari\u0107 &#8211; \u010dlan,<\/p>\n<p>8. Adnan Hod\u017ei\u0107 &#8211; \u010dlan,<\/p>\n<p>9. Jasmin Softi\u0107 &#8211; \u010dlan.<\/td>\n<td width=\"138\">\n<p>Jednoglasno usvojeno od strane Komisije<\/td>\n<\/tr>\n<tr>\n<td width=\"53\">\n<p>12.<\/td>\n<td width=\"228\">\n<p>Op\u0107inska izborna komisija<\/td>\n<td width=\"141\">\n<p>3<\/p>\n<p>Predsj.Zamjenik<\/p>\n<p>predsj. i 1 \u010dlan<\/td>\n<td width=\"360\">\n<p>Kemal Hod\u017ei\u0107 &#8211; predsjednik,<\/p>\n<p>Amer Merdan &#8211; \u010dlan,<\/p>\n<p>Miljana Golijan-Pajdakovi\u0107 &#8211; \u010dlan<\/td>\n<td width=\"138\">Komisija u mandatu<\/td>\n<\/tr>\n<\/tbody>\n<\/table>\n","protected":false},"excerpt":{"rendered":"<p>Redovne komisije Op\u0107inskog vije\u0107a Red. broj NAZIV KOMISIJE BROJ \u010cLANOVA \u010cLANOVI KOMISIJE (Ime i prezime) NAPOMENA 1. Komisija za Statut i propise 5 Predsj.Zamjenik predsj. i 3 \u010dlana 1. D\u017eenan Smaji\u0107 &#8211; predsjednik, 2. Adem Karamovi\u0107 &#8211; zamjenik predsjednika, 3. Jasmin Abazovi\u0107 &#8211; \u010dlan, 4. Mujo Ahmetspahi\u0107 &#8211; \u010dlan, 5. Idris Smailhod\u017ei\u0107 &#8211; \u010dlan. Jednoglasno [&hellip;]<\/p>\n","protected":false},"author":1,"featured_media":0,"parent":0,"menu_order":0,"comment_status":"closed","ping_status":"closed","template":"","meta":[],"_links":{"self":[{"href":"https:\/\/olovo.gov.ba\/index.php?rest_route=\/wp\/v2\/pages\/447"}],"collection":[{"href":"https:\/\/olovo.gov.ba\/index.php?rest_route=\/wp\/v2\/pages"}],"about":[{"href":"https:\/\/olovo.gov.ba\/index.php?rest_route=\/wp\/v2\/types\/page"}],"author":[{"embeddable":true,"href":"https:\/\/olovo.gov.ba\/index.php?rest_route=\/wp\/v2\/users\/1"}],"replies":[{"embeddable":true,"href":"https:\/\/olovo.gov.ba\/index.php?rest_route=%2Fwp%2Fv2%2Fcomments&post=447"}],"version-history":[{"count":3,"href":"https:\/\/olovo.gov.ba\/index.php?rest_route=\/wp\/v2\/pages\/447\/revisions"}],"predecessor-version":[{"id":2524,"href":"https:\/\/olovo.gov.ba\/index.php?rest_route=\/wp\/v2\/pages\/447\/revisions\/2524"}],"wp:attachment":[{"href":"https:\/\/olovo.gov.ba\/index.php?rest_route=%2Fwp%2Fv2%2Fmedia&parent=447"}],"curies":[{"name":"wp","href":"https:\/\/api.w.org\/{rel}","templated":true}]}}